{"id":1964,"date":"2020-05-05T17:38:54","date_gmt":"2020-05-05T15:38:54","guid":{"rendered":"https:\/\/www.ars-pictura.com\/?page_id=1964"},"modified":"2020-07-07T11:16:33","modified_gmt":"2020-07-07T09:16:33","slug":"les-artistes","status":"publish","type":"page","link":"https:\/\/www.ars-pictura.com\/index.php\/les-artistes\/","title":{"rendered":"Les Artistes"},"content":{"rendered":"<p>[vc_row css_animation=\u00a0\u00bb\u00a0\u00bb row_type=\u00a0\u00bbrow\u00a0\u00bb use_row_as_full_screen_section=\u00a0\u00bbyes\u00a0\u00bb type=\u00a0\u00bbfull_width\u00a0\u00bb angled_section=\u00a0\u00bbno\u00a0\u00bb text_align=\u00a0\u00bbleft\u00a0\u00bb background_image_as_pattern=\u00a0\u00bbwithout_pattern\u00a0\u00bb z_index=\u00a0\u00bb\u00a0\u00bb css=\u00a0\u00bb.vc_custom_1594113388977{background-image: url(https:\/\/www.ars-pictura.com\/wp-content\/uploads\/2020\/07\/artistes-banniere.jpg?id=2366) !important;background-position: center !important;background-repeat: no-repeat !important;background-size: cover !important;}\u00a0\u00bb][vc_column offset=\u00a0\u00bbvc_hidden-sm vc_hidden-xs\u00a0\u00bb][vc_empty_space height=\u00a0\u00bb100&Prime;][vc_row_inner row_type=\u00a0\u00bbrow\u00a0\u00bb type=\u00a0\u00bbfull_width\u00a0\u00bb text_align=\u00a0\u00bbleft\u00a0\u00bb css_animation=\u00a0\u00bb\u00a0\u00bb][vc_column_inner width=\u00a0\u00bb1\/5&Prime;][\/vc_column_inner][vc_column_inner width=\u00a0\u00bb1\/5&Prime; offset=\u00a0\u00bbvc_hidden-sm vc_hidden-xs\u00a0\u00bb][vc_column_text]<\/p>\n<h4 style=\"text-align: left;\"><span style=\"color: #ffffff; font-size: 24pt;\">Les Artistes<\/span><\/h4>\n<p>[\/vc_column_text][\/vc_column_inner][vc_column_inner width=\u00a0\u00bb1\/5&Prime;][\/vc_column_inner][vc_column_inner width=\u00a0\u00bb1\/5&Prime;][\/vc_column_inner][vc_column_inner width=\u00a0\u00bb1\/5&Prime;][\/vc_column_inner][\/vc_row_inner][vc_empty_space height=\u00a0\u00bb100&Prime;][\/vc_column][\/vc_row][vc_row css_animation=\u00a0\u00bb\u00a0\u00bb row_type=\u00a0\u00bbrow\u00a0\u00bb use_row_as_full_screen_section=\u00a0\u00bbno\u00a0\u00bb type=\u00a0\u00bbfull_width\u00a0\u00bb angled_section=\u00a0\u00bbno\u00a0\u00bb text_align=\u00a0\u00bbleft\u00a0\u00bb background_image_as_pattern=\u00a0\u00bbwithout_pattern\u00a0\u00bb][vc_column][vc_empty_space height=\u00a0\u00bb70px\u00a0\u00bb][\/vc_column][\/vc_row][vc_row css_animation=\u00a0\u00bb\u00a0\u00bb row_type=\u00a0\u00bbrow\u00a0\u00bb use_row_as_full_screen_section=\u00a0\u00bbno\u00a0\u00bb type=\u00a0\u00bbgrid\u00a0\u00bb angled_section=\u00a0\u00bbno\u00a0\u00bb text_align=\u00a0\u00bbleft\u00a0\u00bb background_image_as_pattern=\u00a0\u00bbwithout_pattern\u00a0\u00bb z_index=\u00a0\u00bb\u00a0\u00bb css=\u00a0\u00bb.vc_custom_1588583234273{background-position: 0 0 !important;background-repeat: repeat !important;}\u00a0\u00bb][vc_column][vc_column_text]<\/p>\n<h6 style=\"text-align: center;\">Cr\u00e9ateurs n\u00e9s au c\u0153ur du P\u00e9rigord, y ayant v\u00e9cu, ou tout simplement attach\u00e9s \u00e0 ses vall\u00e9es qui les ont inspir\u00e9s.<br \/>\nNous pr\u00e9sentons ici une liste non exhaustive de ces peintres, sculpteurs, graveurs ou encore dessinateurs.<\/h6>\n<p>[\/vc_column_text][\/vc_column][\/vc_row][vc_row css_animation=\u00a0\u00bb\u00a0\u00bb row_type=\u00a0\u00bbrow\u00a0\u00bb use_row_as_full_screen_section=\u00a0\u00bbno\u00a0\u00bb type=\u00a0\u00bbfull_width\u00a0\u00bb angled_section=\u00a0\u00bbno\u00a0\u00bb text_align=\u00a0\u00bbleft\u00a0\u00bb background_image_as_pattern=\u00a0\u00bbwithout_pattern\u00a0\u00bb][vc_column][vc_empty_space height=\u00a0\u00bb60px\u00a0\u00bb][\/vc_column][\/vc_row][vc_row css_animation=\u00a0\u00bb\u00a0\u00bb row_type=\u00a0\u00bbrow\u00a0\u00bb use_row_as_full_screen_section=\u00a0\u00bbno\u00a0\u00bb type=\u00a0\u00bbgrid\u00a0\u00bb angled_section=\u00a0\u00bbno\u00a0\u00bb text_align=\u00a0\u00bbleft\u00a0\u00bb background_image_as_pattern=\u00a0\u00bbwithout_pattern\u00a0\u00bb z_index=\u00a0\u00bb\u00a0\u00bb css=\u00a0\u00bb.vc_custom_1588080380212{background-position: 0 0 !important;background-repeat: repeat !important;}\u00a0\u00bb][vc_column]<div class='projects_holder_outer v3 portfolio_with_space portfolio_standard'>\n        <div class='projects_holder portfolio_main_holder clearfix v3 standard portfolio_square_image '>\n        \n        <article class='mix portfolio_category_10 large_width' style=''>\n    \n    \n    \n                <div class='image_holder'>\n                <a itemprop='url' class='portfolio_link_for_touch' href='https:\/\/www.ars-pictura.com\/index.php\/portfolio_page\/lucien-de-maleville\/' target=''>\n                    \n<span class='image'><img width=\"500\" height=\"500\" src=\"https:\/\/www.ars-pictura.com\/wp-content\/uploads\/2020\/04\/Lucien-de-Maleville-Cenac-port-Domme-carre-1.jpg\" class=\"attachment-portfolio-square size-portfolio-square wp-post-image\" alt=\"\" loading=\"lazy\" srcset=\"https:\/\/www.ars-pictura.com\/wp-content\/uploads\/2020\/04\/Lucien-de-Maleville-Cenac-port-Domme-carre-1.jpg 500w, https:\/\/www.ars-pictura.com\/wp-content\/uploads\/2020\/04\/Lucien-de-Maleville-Cenac-port-Domme-carre-1-300x300.jpg 300w, https:\/\/www.ars-pictura.com\/wp-content\/uploads\/2020\/04\/Lucien-de-Maleville-Cenac-port-Domme-carre-1-150x150.jpg 150w\" sizes=\"(max-width: 500px) 100vw, 500px\" \/><\/span>                <\/a>\n\n                <span class='text_holder'>\n    <span class='text_outer'>\n        <span class='text_inner'>\n            <span class='feature_holder'>\n                        <\/span>\n        <\/span>\n    <\/span>\n<\/span>            <\/div>\n                <div class='portfolio_description text_align_center' >\n\n        \n    <h5 itemprop=\"name\" class=\"portfolio_title entry_title\"><a itemprop=\"url\" href=\"https:\/\/www.ars-pictura.com\/index.php\/portfolio_page\/lucien-de-maleville\/\"  target=\"_self\"> Lucien de MALEVILLE (1881-1964)<\/a><\/h5>\n\n\n        \n        \n    <\/div>\n        \n<\/article>\n<article class='mix portfolio_category_10 large_width' style=''>\n    \n    \n    \n                <div class='image_holder'>\n                <a itemprop='url' class='portfolio_link_for_touch' href='https:\/\/www.ars-pictura.com\/index.php\/portfolio_page\/maurice-albe\/' target=''>\n                    \n<span class='image'><img width=\"500\" height=\"500\" src=\"https:\/\/www.ars-pictura.com\/wp-content\/uploads\/2020\/05\/Maurice-Albe-Plazac-1978-carre.jpg\" class=\"attachment-portfolio-square size-portfolio-square wp-post-image\" alt=\"\" loading=\"lazy\" srcset=\"https:\/\/www.ars-pictura.com\/wp-content\/uploads\/2020\/05\/Maurice-Albe-Plazac-1978-carre.jpg 500w, https:\/\/www.ars-pictura.com\/wp-content\/uploads\/2020\/05\/Maurice-Albe-Plazac-1978-carre-300x300.jpg 300w, https:\/\/www.ars-pictura.com\/wp-content\/uploads\/2020\/05\/Maurice-Albe-Plazac-1978-carre-150x150.jpg 150w\" sizes=\"(max-width: 500px) 100vw, 500px\" \/><\/span>                <\/a>\n\n                <span class='text_holder'>\n    <span class='text_outer'>\n        <span class='text_inner'>\n            <span class='feature_holder'>\n                        <\/span>\n        <\/span>\n    <\/span>\n<\/span>            <\/div>\n                <div class='portfolio_description text_align_center' >\n\n        \n    <h5 itemprop=\"name\" class=\"portfolio_title entry_title\"><a itemprop=\"url\" href=\"https:\/\/www.ars-pictura.com\/index.php\/portfolio_page\/maurice-albe\/\"  target=\"_self\"> Maurice ALBE (1900-1995)<\/a><\/h5>\n\n\n        \n        \n    <\/div>\n        \n<\/article>\n<article class='mix portfolio_category_10 large_width' style=''>\n    \n    \n    \n                <div class='image_holder'>\n                <a itemprop='url' class='portfolio_link_for_touch' href='https:\/\/www.ars-pictura.com\/index.php\/portfolio_page\/robert-dessales-quentin\/' target=''>\n                    \n<span class='image'><img width=\"500\" height=\"500\" src=\"https:\/\/www.ars-pictura.com\/wp-content\/uploads\/2020\/05\/Dessales-Quentin-Beynac-carre.jpg\" class=\"attachment-portfolio-square size-portfolio-square wp-post-image\" alt=\"\" loading=\"lazy\" srcset=\"https:\/\/www.ars-pictura.com\/wp-content\/uploads\/2020\/05\/Dessales-Quentin-Beynac-carre.jpg 500w, https:\/\/www.ars-pictura.com\/wp-content\/uploads\/2020\/05\/Dessales-Quentin-Beynac-carre-300x300.jpg 300w, https:\/\/www.ars-pictura.com\/wp-content\/uploads\/2020\/05\/Dessales-Quentin-Beynac-carre-150x150.jpg 150w\" sizes=\"(max-width: 500px) 100vw, 500px\" \/><\/span>                <\/a>\n\n                <span class='text_holder'>\n    <span class='text_outer'>\n        <span class='text_inner'>\n            <span class='feature_holder'>\n                        <\/span>\n        <\/span>\n    <\/span>\n<\/span>            <\/div>\n                <div class='portfolio_description text_align_center' >\n\n        \n    <h5 itemprop=\"name\" class=\"portfolio_title entry_title\"><a itemprop=\"url\" href=\"https:\/\/www.ars-pictura.com\/index.php\/portfolio_page\/robert-dessales-quentin\/\"  target=\"_self\"> Robert DESSALES-QUENTIN (1885-1958)<\/a><\/h5>\n\n\n        \n        \n    <\/div>\n        \n<\/article>\n<article class='mix portfolio_category_10 large_width' style=''>\n    \n    \n    \n                <div class='image_holder'>\n                <a itemprop='url' class='portfolio_link_for_touch' href='https:\/\/www.ars-pictura.com\/index.php\/portfolio_page\/jean-georges-pasquet\/' target=''>\n                    \n<span class='image'><img width=\"570\" height=\"570\" src=\"https:\/\/www.ars-pictura.com\/wp-content\/uploads\/2020\/07\/pasquet-arcades-coulounieix-carre-570x570.jpg\" class=\"attachment-portfolio-square size-portfolio-square wp-post-image\" alt=\"\" loading=\"lazy\" srcset=\"https:\/\/www.ars-pictura.com\/wp-content\/uploads\/2020\/07\/pasquet-arcades-coulounieix-carre-570x570.jpg 570w, https:\/\/www.ars-pictura.com\/wp-content\/uploads\/2020\/07\/pasquet-arcades-coulounieix-carre-300x300.jpg 300w, https:\/\/www.ars-pictura.com\/wp-content\/uploads\/2020\/07\/pasquet-arcades-coulounieix-carre-150x150.jpg 150w, https:\/\/www.ars-pictura.com\/wp-content\/uploads\/2020\/07\/pasquet-arcades-coulounieix-carre-768x768.jpg 768w, https:\/\/www.ars-pictura.com\/wp-content\/uploads\/2020\/07\/pasquet-arcades-coulounieix-carre-500x500.jpg 500w, https:\/\/www.ars-pictura.com\/wp-content\/uploads\/2020\/07\/pasquet-arcades-coulounieix-carre-700x700.jpg 700w, https:\/\/www.ars-pictura.com\/wp-content\/uploads\/2020\/07\/pasquet-arcades-coulounieix-carre.jpg 810w\" sizes=\"(max-width: 570px) 100vw, 570px\" \/><\/span>                <\/a>\n\n                <span class='text_holder'>\n    <span class='text_outer'>\n        <span class='text_inner'>\n            <span class='feature_holder'>\n                        <\/span>\n        <\/span>\n    <\/span>\n<\/span>            <\/div>\n                <div class='portfolio_description text_align_center' >\n\n        \n    <h5 itemprop=\"name\" class=\"portfolio_title entry_title\"><a itemprop=\"url\" href=\"https:\/\/www.ars-pictura.com\/index.php\/portfolio_page\/jean-georges-pasquet\/\"  target=\"_self\"> Jean-Georges PASQUET (1851-1936)<\/a><\/h5>\n\n\n        \n        \n    <\/div>\n        \n<\/article>\n<article class='mix portfolio_category_10 large_width' style=''>\n    \n    \n    \n                <div class='image_holder'>\n                <a itemprop='url' class='portfolio_link_for_touch' href='https:\/\/www.ars-pictura.com\/index.php\/portfolio_page\/pascal-magis\/' target=''>\n                    \n<span class='image'><img width=\"500\" height=\"500\" src=\"https:\/\/www.ars-pictura.com\/wp-content\/uploads\/2020\/05\/Pascal-Magis-Sans-titre-1999-carre.jpg\" class=\"attachment-portfolio-square size-portfolio-square wp-post-image\" alt=\"\" loading=\"lazy\" srcset=\"https:\/\/www.ars-pictura.com\/wp-content\/uploads\/2020\/05\/Pascal-Magis-Sans-titre-1999-carre.jpg 500w, https:\/\/www.ars-pictura.com\/wp-content\/uploads\/2020\/05\/Pascal-Magis-Sans-titre-1999-carre-300x300.jpg 300w, https:\/\/www.ars-pictura.com\/wp-content\/uploads\/2020\/05\/Pascal-Magis-Sans-titre-1999-carre-150x150.jpg 150w\" sizes=\"(max-width: 500px) 100vw, 500px\" \/><\/span>                <\/a>\n\n                <span class='text_holder'>\n    <span class='text_outer'>\n        <span class='text_inner'>\n            <span class='feature_holder'>\n                        <\/span>\n        <\/span>\n    <\/span>\n<\/span>            <\/div>\n                <div class='portfolio_description text_align_center' >\n\n        \n    <h5 itemprop=\"name\" class=\"portfolio_title entry_title\"><a itemprop=\"url\" href=\"https:\/\/www.ars-pictura.com\/index.php\/portfolio_page\/pascal-magis\/\"  target=\"_self\"> Pascal MAGIS (1955-2011)<\/a><\/h5>\n\n\n        \n        \n    <\/div>\n        \n<\/article>\n<article class='mix portfolio_category_10 large_width' style=''>\n    \n    \n    \n                <div class='image_holder'>\n                <a itemprop='url' class='portfolio_link_for_touch' href='https:\/\/www.ars-pictura.com\/index.php\/portfolio_page\/louis-alexandre-cabie\/' target=''>\n                    \n<span class='image'><img width=\"500\" height=\"500\" src=\"https:\/\/www.ars-pictura.com\/wp-content\/uploads\/2020\/05\/Louis-Cabie-Beune-Eyzies-carre.jpg\" class=\"attachment-portfolio-square size-portfolio-square wp-post-image\" alt=\"\" loading=\"lazy\" srcset=\"https:\/\/www.ars-pictura.com\/wp-content\/uploads\/2020\/05\/Louis-Cabie-Beune-Eyzies-carre.jpg 500w, https:\/\/www.ars-pictura.com\/wp-content\/uploads\/2020\/05\/Louis-Cabie-Beune-Eyzies-carre-300x300.jpg 300w, https:\/\/www.ars-pictura.com\/wp-content\/uploads\/2020\/05\/Louis-Cabie-Beune-Eyzies-carre-150x150.jpg 150w\" sizes=\"(max-width: 500px) 100vw, 500px\" \/><\/span>                <\/a>\n\n                <span class='text_holder'>\n    <span class='text_outer'>\n        <span class='text_inner'>\n            <span class='feature_holder'>\n                        <\/span>\n        <\/span>\n    <\/span>\n<\/span>            <\/div>\n                <div class='portfolio_description text_align_center' >\n\n        \n    <h5 itemprop=\"name\" class=\"portfolio_title entry_title\"><a itemprop=\"url\" href=\"https:\/\/www.ars-pictura.com\/index.php\/portfolio_page\/louis-alexandre-cabie\/\"  target=\"_self\"> Louis-Alexandre CABI\u00c9 (1853-1939)<\/a><\/h5>\n\n\n        \n        \n    <\/div>\n        \n<\/article>\n<article class='mix portfolio_category_10 large_width' style=''>\n    \n    \n    \n                <div class='image_holder'>\n                <a itemprop='url' class='portfolio_link_for_touch' href='https:\/\/www.ars-pictura.com\/index.php\/portfolio_page\/emile-chaumont\/' target=''>\n                    \n<span class='image'><img width=\"500\" height=\"500\" src=\"https:\/\/www.ars-pictura.com\/wp-content\/uploads\/2020\/05\/Emile-Chaumont-Jeune-femme-lecture-carre.jpg\" class=\"attachment-portfolio-square size-portfolio-square wp-post-image\" alt=\"\" loading=\"lazy\" srcset=\"https:\/\/www.ars-pictura.com\/wp-content\/uploads\/2020\/05\/Emile-Chaumont-Jeune-femme-lecture-carre.jpg 500w, https:\/\/www.ars-pictura.com\/wp-content\/uploads\/2020\/05\/Emile-Chaumont-Jeune-femme-lecture-carre-300x300.jpg 300w, https:\/\/www.ars-pictura.com\/wp-content\/uploads\/2020\/05\/Emile-Chaumont-Jeune-femme-lecture-carre-150x150.jpg 150w\" sizes=\"(max-width: 500px) 100vw, 500px\" \/><\/span>                <\/a>\n\n                <span class='text_holder'>\n    <span class='text_outer'>\n        <span class='text_inner'>\n            <span class='feature_holder'>\n                        <\/span>\n        <\/span>\n    <\/span>\n<\/span>            <\/div>\n                <div class='portfolio_description text_align_center' >\n\n        \n    <h5 itemprop=\"name\" class=\"portfolio_title entry_title\"><a itemprop=\"url\" href=\"https:\/\/www.ars-pictura.com\/index.php\/portfolio_page\/emile-chaumont\/\"  target=\"_self\"> Emile CHAUMONT (1877-1927)<\/a><\/h5>\n\n\n        \n        \n    <\/div>\n        \n<\/article>\n<article class='mix portfolio_category_10 large_width' style=''>\n    \n    \n    \n                <div class='image_holder'>\n                <a itemprop='url' class='portfolio_link_for_touch' href='https:\/\/www.ars-pictura.com\/index.php\/portfolio_page\/pol-chambost\/' target=''>\n                    \n<span class='image'><img width=\"500\" height=\"500\" src=\"https:\/\/www.ars-pictura.com\/wp-content\/uploads\/2020\/05\/corolle-noir-jaune-anis-carre.jpg\" class=\"attachment-portfolio-square size-portfolio-square wp-post-image\" alt=\"\" loading=\"lazy\" srcset=\"https:\/\/www.ars-pictura.com\/wp-content\/uploads\/2020\/05\/corolle-noir-jaune-anis-carre.jpg 500w, https:\/\/www.ars-pictura.com\/wp-content\/uploads\/2020\/05\/corolle-noir-jaune-anis-carre-300x300.jpg 300w, https:\/\/www.ars-pictura.com\/wp-content\/uploads\/2020\/05\/corolle-noir-jaune-anis-carre-150x150.jpg 150w\" sizes=\"(max-width: 500px) 100vw, 500px\" \/><\/span>                <\/a>\n\n                <span class='text_holder'>\n    <span class='text_outer'>\n        <span class='text_inner'>\n            <span class='feature_holder'>\n                        <\/span>\n        <\/span>\n    <\/span>\n<\/span>            <\/div>\n                <div class='portfolio_description text_align_center' >\n\n        \n    <h5 itemprop=\"name\" class=\"portfolio_title entry_title\"><a itemprop=\"url\" href=\"https:\/\/www.ars-pictura.com\/index.php\/portfolio_page\/pol-chambost\/\"  target=\"_self\"> Pol CHAMBOST (1906-1983)<\/a><\/h5>\n\n\n        \n        \n    <\/div>\n        \n<\/article>\n<article class='mix portfolio_category_10 large_width' style=''>\n    \n    \n    \n                <div class='image_holder'>\n                <a itemprop='url' class='portfolio_link_for_touch' href='https:\/\/www.ars-pictura.com\/index.php\/portfolio_page\/jean-cluseau-lanauve\/' target=''>\n                    \n<span class='image'><img width=\"500\" height=\"500\" src=\"https:\/\/www.ars-pictura.com\/wp-content\/uploads\/2020\/05\/Jean-Cluseau-Lanauve-Beynac-carre.jpg\" class=\"attachment-portfolio-square size-portfolio-square wp-post-image\" alt=\"\" loading=\"lazy\" srcset=\"https:\/\/www.ars-pictura.com\/wp-content\/uploads\/2020\/05\/Jean-Cluseau-Lanauve-Beynac-carre.jpg 500w, https:\/\/www.ars-pictura.com\/wp-content\/uploads\/2020\/05\/Jean-Cluseau-Lanauve-Beynac-carre-300x300.jpg 300w, https:\/\/www.ars-pictura.com\/wp-content\/uploads\/2020\/05\/Jean-Cluseau-Lanauve-Beynac-carre-150x150.jpg 150w\" sizes=\"(max-width: 500px) 100vw, 500px\" \/><\/span>                <\/a>\n\n                <span class='text_holder'>\n    <span class='text_outer'>\n        <span class='text_inner'>\n            <span class='feature_holder'>\n                        <\/span>\n        <\/span>\n    <\/span>\n<\/span>            <\/div>\n                <div class='portfolio_description text_align_center' >\n\n        \n    <h5 itemprop=\"name\" class=\"portfolio_title entry_title\"><a itemprop=\"url\" href=\"https:\/\/www.ars-pictura.com\/index.php\/portfolio_page\/jean-cluseau-lanauve\/\"  target=\"_self\"> Jean CLUSEAU-LANAUVE (1914-1997)<\/a><\/h5>\n\n\n        \n        \n    <\/div>\n        \n<\/article>\n<article class='mix portfolio_category_10 large_width' style=''>\n    \n    \n    \n                <div class='image_holder'>\n                <a itemprop='url' class='portfolio_link_for_touch' href='https:\/\/www.ars-pictura.com\/index.php\/portfolio_page\/camille-merlaud\/' target=''>\n                    \n<span class='image'><img width=\"500\" height=\"500\" src=\"https:\/\/www.ars-pictura.com\/wp-content\/uploads\/2020\/05\/Camille-Merlaud-Labours-carre.jpg\" class=\"attachment-portfolio-square size-portfolio-square wp-post-image\" alt=\"\" loading=\"lazy\" srcset=\"https:\/\/www.ars-pictura.com\/wp-content\/uploads\/2020\/05\/Camille-Merlaud-Labours-carre.jpg 500w, https:\/\/www.ars-pictura.com\/wp-content\/uploads\/2020\/05\/Camille-Merlaud-Labours-carre-300x300.jpg 300w, https:\/\/www.ars-pictura.com\/wp-content\/uploads\/2020\/05\/Camille-Merlaud-Labours-carre-150x150.jpg 150w\" sizes=\"(max-width: 500px) 100vw, 500px\" \/><\/span>                <\/a>\n\n                <span class='text_holder'>\n    <span class='text_outer'>\n        <span class='text_inner'>\n            <span class='feature_holder'>\n                        <\/span>\n        <\/span>\n    <\/span>\n<\/span>            <\/div>\n                <div class='portfolio_description text_align_center' >\n\n        \n    <h5 itemprop=\"name\" class=\"portfolio_title entry_title\"><a itemprop=\"url\" href=\"https:\/\/www.ars-pictura.com\/index.php\/portfolio_page\/camille-merlaud\/\"  target=\"_self\"> Camille MERLAUD (1877-1957)<\/a><\/h5>\n\n\n        \n        \n    <\/div>\n        \n<\/article>\n<article class='mix portfolio_category_10 large_width' style=''>\n    \n    \n    \n                <div class='image_holder'>\n                <a itemprop='url' class='portfolio_link_for_touch' href='https:\/\/www.ars-pictura.com\/index.php\/portfolio_page\/andre-prugent\/' target=''>\n                    \n<span class='image'><img width=\"500\" height=\"500\" src=\"https:\/\/www.ars-pictura.com\/wp-content\/uploads\/2020\/05\/Andre-Prugent-Chemin-creux-carre.jpg\" class=\"attachment-portfolio-square size-portfolio-square wp-post-image\" alt=\"\" loading=\"lazy\" srcset=\"https:\/\/www.ars-pictura.com\/wp-content\/uploads\/2020\/05\/Andre-Prugent-Chemin-creux-carre.jpg 500w, https:\/\/www.ars-pictura.com\/wp-content\/uploads\/2020\/05\/Andre-Prugent-Chemin-creux-carre-300x300.jpg 300w, https:\/\/www.ars-pictura.com\/wp-content\/uploads\/2020\/05\/Andre-Prugent-Chemin-creux-carre-150x150.jpg 150w\" sizes=\"(max-width: 500px) 100vw, 500px\" \/><\/span>                <\/a>\n\n                <span class='text_holder'>\n    <span class='text_outer'>\n        <span class='text_inner'>\n            <span class='feature_holder'>\n                        <\/span>\n        <\/span>\n    <\/span>\n<\/span>            <\/div>\n                <div class='portfolio_description text_align_center' >\n\n        \n    <h5 itemprop=\"name\" class=\"portfolio_title entry_title\"><a itemprop=\"url\" href=\"https:\/\/www.ars-pictura.com\/index.php\/portfolio_page\/andre-prugent\/\"  target=\"_self\"> Andr\u00e9 PRUGENT (1882-1965)<\/a><\/h5>\n\n\n        \n        \n    <\/div>\n        \n<\/article>\n<article class='mix portfolio_category_10 large_width' style=''>\n    \n    \n    \n                <div class='image_holder'>\n                <a itemprop='url' class='portfolio_link_for_touch' href='https:\/\/www.ars-pictura.com\/index.php\/portfolio_page\/leon-pierre-felix\/' target=''>\n                    \n<span class='image'><img width=\"500\" height=\"499\" src=\"https:\/\/www.ars-pictura.com\/wp-content\/uploads\/2020\/05\/Leon-Pierre-Felix-Carlux-carre.jpg\" class=\"attachment-portfolio-square size-portfolio-square wp-post-image\" alt=\"\" loading=\"lazy\" srcset=\"https:\/\/www.ars-pictura.com\/wp-content\/uploads\/2020\/05\/Leon-Pierre-Felix-Carlux-carre.jpg 500w, https:\/\/www.ars-pictura.com\/wp-content\/uploads\/2020\/05\/Leon-Pierre-Felix-Carlux-carre-300x300.jpg 300w, https:\/\/www.ars-pictura.com\/wp-content\/uploads\/2020\/05\/Leon-Pierre-Felix-Carlux-carre-150x150.jpg 150w\" sizes=\"(max-width: 500px) 100vw, 500px\" \/><\/span>                <\/a>\n\n                <span class='text_holder'>\n    <span class='text_outer'>\n        <span class='text_inner'>\n            <span class='feature_holder'>\n                        <\/span>\n        <\/span>\n    <\/span>\n<\/span>            <\/div>\n                <div class='portfolio_description text_align_center' >\n\n        \n    <h5 itemprop=\"name\" class=\"portfolio_title entry_title\"><a itemprop=\"url\" href=\"https:\/\/www.ars-pictura.com\/index.php\/portfolio_page\/leon-pierre-felix\/\"  target=\"_self\"> L\u00e9on-Pierre F\u00c9LIX (1869-1940)<\/a><\/h5>\n\n\n        \n        \n    <\/div>\n        \n<\/article>\n<article class='mix portfolio_category_10 large_width' style=''>\n    \n    \n    \n                <div class='image_holder'>\n                <a itemprop='url' class='portfolio_link_for_touch' href='https:\/\/www.ars-pictura.com\/index.php\/portfolio_page\/georges-charles-robin\/' target=''>\n                    \n<span class='image'><img width=\"500\" height=\"500\" src=\"https:\/\/www.ars-pictura.com\/wp-content\/uploads\/2020\/05\/Georges-Charles-Robin-Taillefer-1-carre.jpg\" class=\"attachment-portfolio-square size-portfolio-square wp-post-image\" alt=\"\" loading=\"lazy\" srcset=\"https:\/\/www.ars-pictura.com\/wp-content\/uploads\/2020\/05\/Georges-Charles-Robin-Taillefer-1-carre.jpg 500w, https:\/\/www.ars-pictura.com\/wp-content\/uploads\/2020\/05\/Georges-Charles-Robin-Taillefer-1-carre-300x300.jpg 300w, https:\/\/www.ars-pictura.com\/wp-content\/uploads\/2020\/05\/Georges-Charles-Robin-Taillefer-1-carre-150x150.jpg 150w\" sizes=\"(max-width: 500px) 100vw, 500px\" \/><\/span>                <\/a>\n\n                <span class='text_holder'>\n    <span class='text_outer'>\n        <span class='text_inner'>\n            <span class='feature_holder'>\n                        <\/span>\n        <\/span>\n    <\/span>\n<\/span>            <\/div>\n                <div class='portfolio_description text_align_center' >\n\n        \n    <h5 itemprop=\"name\" class=\"portfolio_title entry_title\"><a itemprop=\"url\" href=\"https:\/\/www.ars-pictura.com\/index.php\/portfolio_page\/georges-charles-robin\/\"  target=\"_self\"> Georges Charles ROBIN (1903-2003)<\/a><\/h5>\n\n\n        \n        \n    <\/div>\n        \n<\/article>\n<article class='mix portfolio_category_10 large_width' style=''>\n    \n    \n    \n                <div class='image_holder'>\n                <a itemprop='url' class='portfolio_link_for_touch' href='https:\/\/www.ars-pictura.com\/index.php\/portfolio_page\/jean-jacques-alban-de-lesgallery\/' target=''>\n                    \n<span class='image'><img width=\"500\" height=\"500\" src=\"https:\/\/www.ars-pictura.com\/wp-content\/uploads\/2020\/05\/Alban-de-Lesgallery-Pe\u0301rigueux-carre.jpg\" class=\"attachment-portfolio-square size-portfolio-square wp-post-image\" alt=\"\" loading=\"lazy\" srcset=\"https:\/\/www.ars-pictura.com\/wp-content\/uploads\/2020\/05\/Alban-de-Lesgallery-Pe\u0301rigueux-carre.jpg 500w, https:\/\/www.ars-pictura.com\/wp-content\/uploads\/2020\/05\/Alban-de-Lesgallery-Pe\u0301rigueux-carre-300x300.jpg 300w, https:\/\/www.ars-pictura.com\/wp-content\/uploads\/2020\/05\/Alban-de-Lesgallery-Pe\u0301rigueux-carre-150x150.jpg 150w\" sizes=\"(max-width: 500px) 100vw, 500px\" \/><\/span>                <\/a>\n\n                <span class='text_holder'>\n    <span class='text_outer'>\n        <span class='text_inner'>\n            <span class='feature_holder'>\n                        <\/span>\n        <\/span>\n    <\/span>\n<\/span>            <\/div>\n                <div class='portfolio_description text_align_center' >\n\n        \n    <h5 itemprop=\"name\" class=\"portfolio_title entry_title\"><a itemprop=\"url\" href=\"https:\/\/www.ars-pictura.com\/index.php\/portfolio_page\/jean-jacques-alban-de-lesgallery\/\"  target=\"_self\"> ALBAN de LESGALLERY (1807-1871)<\/a><\/h5>\n\n\n        \n        \n    <\/div>\n        \n<\/article>\n<article class='mix portfolio_category_10 large_width' style=''>\n    \n    \n    \n                <div class='image_holder'>\n                <a itemprop='url' class='portfolio_link_for_touch' href='https:\/\/www.ars-pictura.com\/index.php\/portfolio_page\/jean-louis-daniel\/' target=''>\n                    \n<span class='image'><img width=\"500\" height=\"499\" src=\"https:\/\/www.ars-pictura.com\/wp-content\/uploads\/2020\/07\/daniel-rivi\u00e8re-fauve-carre.jpg\" class=\"attachment-portfolio-square size-portfolio-square wp-post-image\" alt=\"\" loading=\"lazy\" srcset=\"https:\/\/www.ars-pictura.com\/wp-content\/uploads\/2020\/07\/daniel-rivi\u00e8re-fauve-carre.jpg 500w, https:\/\/www.ars-pictura.com\/wp-content\/uploads\/2020\/07\/daniel-rivi\u00e8re-fauve-carre-300x300.jpg 300w, https:\/\/www.ars-pictura.com\/wp-content\/uploads\/2020\/07\/daniel-rivi\u00e8re-fauve-carre-150x150.jpg 150w\" sizes=\"(max-width: 500px) 100vw, 500px\" \/><\/span>                <\/a>\n\n                <span class='text_holder'>\n    <span class='text_outer'>\n        <span class='text_inner'>\n            <span class='feature_holder'>\n                        <\/span>\n        <\/span>\n    <\/span>\n<\/span>            <\/div>\n                <div class='portfolio_description text_align_center' >\n\n        \n    <h5 itemprop=\"name\" class=\"portfolio_title entry_title\"><a itemprop=\"url\" href=\"https:\/\/www.ars-pictura.com\/index.php\/portfolio_page\/jean-louis-daniel\/\"  target=\"_self\"> Jean-Louis DANIEL (1861-1929)<\/a><\/h5>\n\n\n        \n        \n    <\/div>\n        \n<\/article>\n<article class='mix portfolio_category_10 large_width' style=''>\n    \n    \n    \n                <div class='image_holder'>\n                <a itemprop='url' class='portfolio_link_for_touch' href='https:\/\/www.ars-pictura.com\/index.php\/portfolio_page\/raymond-dufrene\/' target=''>\n                    \n<span class='image'><img width=\"500\" height=\"500\" src=\"https:\/\/www.ars-pictura.com\/wp-content\/uploads\/2020\/05\/Raymond-Dufrene-Grand-Roc-Vezere-carre.jpg\" class=\"attachment-portfolio-square size-portfolio-square wp-post-image\" alt=\"\" loading=\"lazy\" srcset=\"https:\/\/www.ars-pictura.com\/wp-content\/uploads\/2020\/05\/Raymond-Dufrene-Grand-Roc-Vezere-carre.jpg 500w, https:\/\/www.ars-pictura.com\/wp-content\/uploads\/2020\/05\/Raymond-Dufrene-Grand-Roc-Vezere-carre-300x300.jpg 300w, https:\/\/www.ars-pictura.com\/wp-content\/uploads\/2020\/05\/Raymond-Dufrene-Grand-Roc-Vezere-carre-150x150.jpg 150w\" sizes=\"(max-width: 500px) 100vw, 500px\" \/><\/span>                <\/a>\n\n                <span class='text_holder'>\n    <span class='text_outer'>\n        <span class='text_inner'>\n            <span class='feature_holder'>\n                        <\/span>\n        <\/span>\n    <\/span>\n<\/span>            <\/div>\n                <div class='portfolio_description text_align_center' >\n\n        \n    <h5 itemprop=\"name\" class=\"portfolio_title entry_title\"><a itemprop=\"url\" href=\"https:\/\/www.ars-pictura.com\/index.php\/portfolio_page\/raymond-dufrene\/\"  target=\"_self\"> Raymond DUFR\u00caNE (1887-1973)<\/a><\/h5>\n\n\n        \n        \n    <\/div>\n        \n<\/article>\n<article class='mix portfolio_category_10 large_width' style=''>\n    \n    \n    \n                <div class='image_holder'>\n                <a itemprop='url' class='portfolio_link_for_touch' href='https:\/\/www.ars-pictura.com\/index.php\/portfolio_page\/georges-darnet\/' target=''>\n                    \n<span class='image'><img width=\"500\" height=\"500\" src=\"https:\/\/www.ars-pictura.com\/wp-content\/uploads\/2020\/09\/darnet-marre-sorges-carre.jpg\" class=\"attachment-portfolio-square size-portfolio-square wp-post-image\" alt=\"\" loading=\"lazy\" srcset=\"https:\/\/www.ars-pictura.com\/wp-content\/uploads\/2020\/09\/darnet-marre-sorges-carre.jpg 500w, https:\/\/www.ars-pictura.com\/wp-content\/uploads\/2020\/09\/darnet-marre-sorges-carre-300x300.jpg 300w, https:\/\/www.ars-pictura.com\/wp-content\/uploads\/2020\/09\/darnet-marre-sorges-carre-150x150.jpg 150w\" sizes=\"(max-width: 500px) 100vw, 500px\" \/><\/span>                <\/a>\n\n                <span class='text_holder'>\n    <span class='text_outer'>\n        <span class='text_inner'>\n            <span class='feature_holder'>\n                        <\/span>\n        <\/span>\n    <\/span>\n<\/span>            <\/div>\n                <div class='portfolio_description text_align_center' >\n\n        \n    <h5 itemprop=\"name\" class=\"portfolio_title entry_title\"><a itemprop=\"url\" href=\"https:\/\/www.ars-pictura.com\/index.php\/portfolio_page\/georges-darnet\/\"  target=\"_self\"> Georges DARNET (1859-1936)<\/a><\/h5>\n\n\n        \n        \n    <\/div>\n        \n<\/article>\n<article class='mix portfolio_category_10 large_width' style=''>\n    \n    \n    \n                <div class='image_holder'>\n                <a itemprop='url' class='portfolio_link_for_touch' href='https:\/\/www.ars-pictura.com\/index.php\/portfolio_page\/elisabeth-dujarric\/' target=''>\n                    \n<span class='image'><img width=\"500\" height=\"500\" src=\"https:\/\/www.ars-pictura.com\/wp-content\/uploads\/2020\/11\/elisabeth-dujarric-de-la-rivirere-autoportrait-carre.jpg\" class=\"attachment-portfolio-square size-portfolio-square wp-post-image\" alt=\"\" loading=\"lazy\" srcset=\"https:\/\/www.ars-pictura.com\/wp-content\/uploads\/2020\/11\/elisabeth-dujarric-de-la-rivirere-autoportrait-carre.jpg 500w, https:\/\/www.ars-pictura.com\/wp-content\/uploads\/2020\/11\/elisabeth-dujarric-de-la-rivirere-autoportrait-carre-300x300.jpg 300w, https:\/\/www.ars-pictura.com\/wp-content\/uploads\/2020\/11\/elisabeth-dujarric-de-la-rivirere-autoportrait-carre-150x150.jpg 150w\" sizes=\"(max-width: 500px) 100vw, 500px\" \/><\/span>                <\/a>\n\n                <span class='text_holder'>\n    <span class='text_outer'>\n        <span class='text_inner'>\n            <span class='feature_holder'>\n                        <\/span>\n        <\/span>\n    <\/span>\n<\/span>            <\/div>\n                <div class='portfolio_description text_align_center' >\n\n        \n    <h5 itemprop=\"name\" class=\"portfolio_title entry_title\"><a itemprop=\"url\" href=\"https:\/\/www.ars-pictura.com\/index.php\/portfolio_page\/elisabeth-dujarric\/\"  target=\"_self\"> Elisabeth DUJARRIC de LA RIVI\u00c8RE (1930-2005)<\/a><\/h5>\n\n\n        \n        \n    <\/div>\n        \n<\/article>\n<article class='mix portfolio_category_10 large_width' style=''>\n    \n    \n    \n                <div class='image_holder'>\n                <a itemprop='url' class='portfolio_link_for_touch' href='https:\/\/www.ars-pictura.com\/index.php\/portfolio_page\/marguerite-mazet\/' target=''>\n                    \n<span class='image'><img width=\"500\" height=\"500\" src=\"https:\/\/www.ars-pictura.com\/wp-content\/uploads\/2021\/02\/marguerite-mazet-plumeuses-doies-carre.jpg\" class=\"attachment-portfolio-square size-portfolio-square wp-post-image\" alt=\"\" loading=\"lazy\" srcset=\"https:\/\/www.ars-pictura.com\/wp-content\/uploads\/2021\/02\/marguerite-mazet-plumeuses-doies-carre.jpg 500w, https:\/\/www.ars-pictura.com\/wp-content\/uploads\/2021\/02\/marguerite-mazet-plumeuses-doies-carre-300x300.jpg 300w, https:\/\/www.ars-pictura.com\/wp-content\/uploads\/2021\/02\/marguerite-mazet-plumeuses-doies-carre-150x150.jpg 150w\" sizes=\"(max-width: 500px) 100vw, 500px\" \/><\/span>                <\/a>\n\n                <span class='text_holder'>\n    <span class='text_outer'>\n        <span class='text_inner'>\n            <span class='feature_holder'>\n                        <\/span>\n        <\/span>\n    <\/span>\n<\/span>            <\/div>\n                <div class='portfolio_description text_align_center' >\n\n        \n    <h5 itemprop=\"name\" class=\"portfolio_title entry_title\"><a itemprop=\"url\" href=\"https:\/\/www.ars-pictura.com\/index.php\/portfolio_page\/marguerite-mazet\/\"  target=\"_self\"> Marguerite MAZET (1881-1947)<\/a><\/h5>\n\n\n        \n        \n    <\/div>\n        \n<\/article>\n<article class='mix portfolio_category_10 large_width' style=''>\n    \n    \n    \n                <div class='image_holder'>\n                <a itemprop='url' class='portfolio_link_for_touch' href='https:\/\/www.ars-pictura.com\/index.php\/portfolio_page\/gregoire-mathias\/' target=''>\n                    \n<span class='image'><img width=\"500\" height=\"500\" src=\"https:\/\/www.ars-pictura.com\/wp-content\/uploads\/2024\/11\/greg-mathias-cathedrale-saint-front-perigueux-c.jpg\" class=\"attachment-portfolio-square size-portfolio-square wp-post-image\" alt=\"\" loading=\"lazy\" srcset=\"https:\/\/www.ars-pictura.com\/wp-content\/uploads\/2024\/11\/greg-mathias-cathedrale-saint-front-perigueux-c.jpg 500w, https:\/\/www.ars-pictura.com\/wp-content\/uploads\/2024\/11\/greg-mathias-cathedrale-saint-front-perigueux-c-300x300.jpg 300w, https:\/\/www.ars-pictura.com\/wp-content\/uploads\/2024\/11\/greg-mathias-cathedrale-saint-front-perigueux-c-150x150.jpg 150w\" sizes=\"(max-width: 500px) 100vw, 500px\" \/><\/span>                <\/a>\n\n                <span class='text_holder'>\n    <span class='text_outer'>\n        <span class='text_inner'>\n            <span class='feature_holder'>\n                        <\/span>\n        <\/span>\n    <\/span>\n<\/span>            <\/div>\n                <div class='portfolio_description text_align_center' >\n\n        \n    <h5 itemprop=\"name\" class=\"portfolio_title entry_title\"><a itemprop=\"url\" href=\"https:\/\/www.ars-pictura.com\/index.php\/portfolio_page\/gregoire-mathias\/\"  target=\"_self\"> Gr\u00e9goire MATHIAS<\/a><\/h5>\n\n\n        \n        \n    <\/div>\n        \n<\/article>\n<article class='mix portfolio_category_10 large_width' style=''>\n    \n    \n    \n                <div class='image_holder'>\n                <a itemprop='url' class='portfolio_link_for_touch' href='https:\/\/www.ars-pictura.com\/index.php\/portfolio_page\/rene-rodes\/' target=''>\n                    \n<span class='image'><img width=\"500\" height=\"500\" src=\"https:\/\/www.ars-pictura.com\/wp-content\/uploads\/2022\/09\/rene-rodes-moulin-de-mounards-c.jpg\" class=\"attachment-portfolio-square size-portfolio-square wp-post-image\" alt=\"\" loading=\"lazy\" srcset=\"https:\/\/www.ars-pictura.com\/wp-content\/uploads\/2022\/09\/rene-rodes-moulin-de-mounards-c.jpg 500w, https:\/\/www.ars-pictura.com\/wp-content\/uploads\/2022\/09\/rene-rodes-moulin-de-mounards-c-300x300.jpg 300w, https:\/\/www.ars-pictura.com\/wp-content\/uploads\/2022\/09\/rene-rodes-moulin-de-mounards-c-150x150.jpg 150w\" sizes=\"(max-width: 500px) 100vw, 500px\" \/><\/span>                <\/a>\n\n                <span class='text_holder'>\n    <span class='text_outer'>\n        <span class='text_inner'>\n            <span class='feature_holder'>\n                        <\/span>\n        <\/span>\n    <\/span>\n<\/span>            <\/div>\n                <div class='portfolio_description text_align_center' >\n\n        \n    <h5 itemprop=\"name\" class=\"portfolio_title entry_title\"><a itemprop=\"url\" href=\"https:\/\/www.ars-pictura.com\/index.php\/portfolio_page\/rene-rodes\/\"  target=\"_self\"> Ren\u00e9 RODES (1896-1971)<\/a><\/h5>\n\n\n        \n        \n    <\/div>\n        \n<\/article>\n<article class='mix portfolio_category_10 large_width' style=''>\n    \n    \n    \n                <div class='image_holder'>\n                <a itemprop='url' class='portfolio_link_for_touch' href='https:\/\/www.ars-pictura.com\/index.php\/portfolio_page\/julien-saraben\/' target=''>\n                    \n<span class='image'><img width=\"500\" height=\"500\" src=\"https:\/\/www.ars-pictura.com\/wp-content\/uploads\/2022\/09\/julien-saraben-roque-gageac-c.jpg\" class=\"attachment-portfolio-square size-portfolio-square wp-post-image\" alt=\"\" loading=\"lazy\" srcset=\"https:\/\/www.ars-pictura.com\/wp-content\/uploads\/2022\/09\/julien-saraben-roque-gageac-c.jpg 500w, https:\/\/www.ars-pictura.com\/wp-content\/uploads\/2022\/09\/julien-saraben-roque-gageac-c-300x300.jpg 300w, https:\/\/www.ars-pictura.com\/wp-content\/uploads\/2022\/09\/julien-saraben-roque-gageac-c-150x150.jpg 150w\" sizes=\"(max-width: 500px) 100vw, 500px\" \/><\/span>                <\/a>\n\n                <span class='text_holder'>\n    <span class='text_outer'>\n        <span class='text_inner'>\n            <span class='feature_holder'>\n                        <\/span>\n        <\/span>\n    <\/span>\n<\/span>            <\/div>\n                <div class='portfolio_description text_align_center' >\n\n        \n    <h5 itemprop=\"name\" class=\"portfolio_title entry_title\"><a itemprop=\"url\" href=\"https:\/\/www.ars-pictura.com\/index.php\/portfolio_page\/julien-saraben\/\"  target=\"_self\"> Julien SARABEN (1892-1979)<\/a><\/h5>\n\n\n        \n        \n    <\/div>\n        \n<\/article>\n<article class='mix portfolio_category_10 large_width' style=''>\n    \n    \n    \n                <div class='image_holder'>\n                <a itemprop='url' class='portfolio_link_for_touch' href='https:\/\/www.ars-pictura.com\/index.php\/portfolio_page\/hans-seiler\/' target=''>\n                    \n<span class='image'><img width=\"500\" height=\"500\" src=\"https:\/\/www.ars-pictura.com\/wp-content\/uploads\/2022\/09\/hans-seiler-falaise-roque-gageac-c.jpg\" class=\"attachment-portfolio-square size-portfolio-square wp-post-image\" alt=\"\" loading=\"lazy\" srcset=\"https:\/\/www.ars-pictura.com\/wp-content\/uploads\/2022\/09\/hans-seiler-falaise-roque-gageac-c.jpg 500w, https:\/\/www.ars-pictura.com\/wp-content\/uploads\/2022\/09\/hans-seiler-falaise-roque-gageac-c-300x300.jpg 300w, https:\/\/www.ars-pictura.com\/wp-content\/uploads\/2022\/09\/hans-seiler-falaise-roque-gageac-c-150x150.jpg 150w\" sizes=\"(max-width: 500px) 100vw, 500px\" \/><\/span>                <\/a>\n\n                <span class='text_holder'>\n    <span class='text_outer'>\n        <span class='text_inner'>\n            <span class='feature_holder'>\n                        <\/span>\n        <\/span>\n    <\/span>\n<\/span>            <\/div>\n                <div class='portfolio_description text_align_center' >\n\n        \n    <h5 itemprop=\"name\" class=\"portfolio_title entry_title\"><a itemprop=\"url\" href=\"https:\/\/www.ars-pictura.com\/index.php\/portfolio_page\/hans-seiler\/\"  target=\"_self\"> Hans SEILER (1907-1986)<\/a><\/h5>\n\n\n        \n        \n    <\/div>\n        \n<\/article>\n<article class='mix portfolio_category_10 portfolio_category_160 large_width' style=''>\n    \n    \n    \n                <div class='image_holder'>\n                <a itemprop='url' class='portfolio_link_for_touch' href='https:\/\/www.ars-pictura.com\/index.php\/portfolio_page\/aude-azais\/' target=''>\n                    \n<span class='image'><img width=\"500\" height=\"500\" src=\"https:\/\/www.ars-pictura.com\/wp-content\/uploads\/2024\/06\/aude-azais-marqueyssac-c.jpg\" class=\"attachment-portfolio-square size-portfolio-square wp-post-image\" alt=\"\" loading=\"lazy\" srcset=\"https:\/\/www.ars-pictura.com\/wp-content\/uploads\/2024\/06\/aude-azais-marqueyssac-c.jpg 500w, https:\/\/www.ars-pictura.com\/wp-content\/uploads\/2024\/06\/aude-azais-marqueyssac-c-300x300.jpg 300w, https:\/\/www.ars-pictura.com\/wp-content\/uploads\/2024\/06\/aude-azais-marqueyssac-c-150x150.jpg 150w\" sizes=\"(max-width: 500px) 100vw, 500px\" \/><\/span>                <\/a>\n\n                <span class='text_holder'>\n    <span class='text_outer'>\n        <span class='text_inner'>\n            <span class='feature_holder'>\n                        <\/span>\n        <\/span>\n    <\/span>\n<\/span>            <\/div>\n                <div class='portfolio_description text_align_center' >\n\n        \n    <h5 itemprop=\"name\" class=\"portfolio_title entry_title\"><a itemprop=\"url\" href=\"https:\/\/www.ars-pictura.com\/index.php\/portfolio_page\/aude-azais\/\"  target=\"_self\"> Aude AZA\u00cfS<\/a><\/h5>\n\n\n        \n        \n    <\/div>\n        \n<\/article>\n<article class='mix portfolio_category_10 large_width' style=''>\n    \n    \n    \n                <div class='image_holder'>\n                <a itemprop='url' class='portfolio_link_for_touch' href='https:\/\/www.ars-pictura.com\/index.php\/portfolio_page\/marcel-loth\/' target=''>\n                    \n<span class='image'><img width=\"500\" height=\"500\" src=\"https:\/\/www.ars-pictura.com\/wp-content\/uploads\/2022\/01\/marcel-loth-eyzies-c.jpg\" class=\"attachment-portfolio-square size-portfolio-square wp-post-image\" alt=\"\" loading=\"lazy\" srcset=\"https:\/\/www.ars-pictura.com\/wp-content\/uploads\/2022\/01\/marcel-loth-eyzies-c.jpg 500w, https:\/\/www.ars-pictura.com\/wp-content\/uploads\/2022\/01\/marcel-loth-eyzies-c-300x300.jpg 300w, https:\/\/www.ars-pictura.com\/wp-content\/uploads\/2022\/01\/marcel-loth-eyzies-c-150x150.jpg 150w\" sizes=\"(max-width: 500px) 100vw, 500px\" \/><\/span>                <\/a>\n\n                <span class='text_holder'>\n    <span class='text_outer'>\n        <span class='text_inner'>\n            <span class='feature_holder'>\n                        <\/span>\n        <\/span>\n    <\/span>\n<\/span>            <\/div>\n                <div class='portfolio_description text_align_center' >\n\n        \n    <h5 itemprop=\"name\" class=\"portfolio_title entry_title\"><a itemprop=\"url\" href=\"https:\/\/www.ars-pictura.com\/index.php\/portfolio_page\/marcel-loth\/\"  target=\"_self\"> Marcel LOTH (1919-2009)<\/a><\/h5>\n\n\n        \n        \n    <\/div>\n        \n<\/article>\n<article class='mix portfolio_category_10 large_width' style=''>\n    \n    \n    \n                <div class='image_holder'>\n                <a itemprop='url' class='portfolio_link_for_touch' href='https:\/\/www.ars-pictura.com\/index.php\/portfolio_page\/jean-rene-truffier\/' target=''>\n                    \n<span class='image'><img width=\"500\" height=\"500\" src=\"https:\/\/www.ars-pictura.com\/wp-content\/uploads\/2025\/07\/jean-rene-truffier-sous-bois-nontron-c.jpg\" class=\"attachment-portfolio-square size-portfolio-square wp-post-image\" alt=\"\" loading=\"lazy\" srcset=\"https:\/\/www.ars-pictura.com\/wp-content\/uploads\/2025\/07\/jean-rene-truffier-sous-bois-nontron-c.jpg 500w, https:\/\/www.ars-pictura.com\/wp-content\/uploads\/2025\/07\/jean-rene-truffier-sous-bois-nontron-c-300x300.jpg 300w, https:\/\/www.ars-pictura.com\/wp-content\/uploads\/2025\/07\/jean-rene-truffier-sous-bois-nontron-c-150x150.jpg 150w\" sizes=\"(max-width: 500px) 100vw, 500px\" \/><\/span>                <\/a>\n\n                <span class='text_holder'>\n    <span class='text_outer'>\n        <span class='text_inner'>\n            <span class='feature_holder'>\n                        <\/span>\n        <\/span>\n    <\/span>\n<\/span>            <\/div>\n                <div class='portfolio_description text_align_center' >\n\n        \n    <h5 itemprop=\"name\" class=\"portfolio_title entry_title\"><a itemprop=\"url\" href=\"https:\/\/www.ars-pictura.com\/index.php\/portfolio_page\/jean-rene-truffier\/\"  target=\"_self\"> Jean-Ren\u00e9 TRUFFIER (1905-1982)<\/a><\/h5>\n\n\n        \n        \n    <\/div>\n        \n<\/article>\n        <div class='filler'><\/div>\n            <div class='filler'><\/div>\n            <div class='filler'><\/div>\n        <\/div>\n\n    \n    <\/div>[\/vc_column][\/vc_row][vc_row css_animation=\u00a0\u00bb\u00a0\u00bb row_type=\u00a0\u00bbrow\u00a0\u00bb use_row_as_full_screen_section=\u00a0\u00bbno\u00a0\u00bb type=\u00a0\u00bbfull_width\u00a0\u00bb angled_section=\u00a0\u00bbno\u00a0\u00bb text_align=\u00a0\u00bbleft\u00a0\u00bb background_image_as_pattern=\u00a0\u00bbwithout_pattern\u00a0\u00bb][vc_column][vc_empty_space height=\u00a0\u00bb70px\u00a0\u00bb][\/vc_column][\/vc_row]<\/p>\n","protected":false},"excerpt":{"rendered":"<p>[vc_row css_animation=\u00a0\u00bb\u00a0\u00bb row_type=\u00a0\u00bbrow\u00a0\u00bb use_row_as_full_screen_section=\u00a0\u00bbyes\u00a0\u00bb type=\u00a0\u00bbfull_width\u00a0\u00bb angled_section=\u00a0\u00bbno\u00a0\u00bb text_align=\u00a0\u00bbleft\u00a0\u00bb background_image_as_pattern=\u00a0\u00bbwithout_pattern\u00a0\u00bb z_index=\u00a0\u00bb\u00a0\u00bb css=\u00a0\u00bb.vc_custom_1594113388977{background-image: url(https:\/\/www.ars-pictura.com\/wp-content\/uploads\/2020\/07\/artistes-banniere.jpg?id=2366) !important;background-position: center !important;background-repeat: no-repeat !important;background-size: cover !important;}\u00a0\u00bb][vc_column offset=\u00a0\u00bbvc_hidden-sm vc_hidden-xs\u00a0\u00bb][vc_empty_space height=\u00a0\u00bb100&Prime;][vc_row_inner row_type=\u00a0\u00bbrow\u00a0\u00bb type=\u00a0\u00bbfull_width\u00a0\u00bb text_align=\u00a0\u00bbleft\u00a0\u00bb css_animation=\u00a0\u00bb\u00a0\u00bb][vc_column_inner width=\u00a0\u00bb1\/5&Prime;][\/vc_column_inner][vc_column_inner width=\u00a0\u00bb1\/5&Prime; offset=\u00a0\u00bbvc_hidden-sm vc_hidden-xs\u00a0\u00bb][vc_column_text] Les Artistes [\/vc_column_text][\/vc_column_inner][vc_column_inner width=\u00a0\u00bb1\/5&Prime;][\/vc_column_inner][vc_column_inner width=\u00a0\u00bb1\/5&Prime;][\/vc_column_inner][vc_column_inner width=\u00a0\u00bb1\/5&Prime;][\/vc_column_inner][\/vc_row_inner][vc_empty_space height=\u00a0\u00bb100&Prime;][\/vc_column][\/vc_row][vc_row css_animation=\u00a0\u00bb\u00a0\u00bb row_type=\u00a0\u00bbrow\u00a0\u00bb use_row_as_full_screen_section=\u00a0\u00bbno\u00a0\u00bb type=\u00a0\u00bbfull_width\u00a0\u00bb angled_section=\u00a0\u00bbno\u00a0\u00bb text_align=\u00a0\u00bbleft\u00a0\u00bb background_image_as_pattern=\u00a0\u00bbwithout_pattern\u00a0\u00bb][vc_column][vc_empty_space height=\u00a0\u00bb70px\u00a0\u00bb][\/vc_column][\/vc_row][vc_row css_animation=\u00a0\u00bb\u00a0\u00bb&#8230;<\/p>\n","protected":false},"author":1,"featured_media":0,"parent":0,"menu_order":0,"comment_status":"closed","ping_status":"closed","template":"full_width.php","meta":{"spay_email":""},"_links":{"self":[{"href":"https:\/\/www.ars-pictura.com\/index.php\/wp-json\/wp\/v2\/pages\/1964"}],"collection":[{"href":"https:\/\/www.ars-pictura.com\/index.php\/wp-json\/wp\/v2\/pages"}],"about":[{"href":"https:\/\/www.ars-pictura.com\/index.php\/wp-json\/wp\/v2\/types\/page"}],"author":[{"embeddable":true,"href":"https:\/\/www.ars-pictura.com\/index.php\/wp-json\/wp\/v2\/users\/1"}],"replies":[{"embeddable":true,"href":"https:\/\/www.ars-pictura.com\/index.php\/wp-json\/wp\/v2\/comments?post=1964"}],"version-history":[{"count":44,"href":"https:\/\/www.ars-pictura.com\/index.php\/wp-json\/wp\/v2\/pages\/1964\/revisions"}],"predecessor-version":[{"id":2367,"href":"https:\/\/www.ars-pictura.com\/index.php\/wp-json\/wp\/v2\/pages\/1964\/revisions\/2367"}],"wp:attachment":[{"href":"https:\/\/www.ars-pictura.com\/index.php\/wp-json\/wp\/v2\/media?parent=1964"}],"curies":[{"name":"wp","href":"https:\/\/api.w.org\/{rel}","templated":true}]}}